{"id":11,"date":"2021-09-04T13:53:38","date_gmt":"2021-09-04T13:53:38","guid":{"rendered":"https:\/\/www.beautytemple.de\/shop\/datenschutzerklaerung\/"},"modified":"2022-08-21T08:20:31","modified_gmt":"2022-08-21T08:20:31","slug":"datenschutzerklaerung","status":"publish","type":"page","link":"https:\/\/www.beautytemple.de\/shop\/en\/datenschutzerklaerung\/","title":{"rendered":"Datenschutzerkl\u00e4rung"},"content":{"rendered":"<p><strong>Grundsatz<\/strong><br \/>Tanja Brill, Inhaber von Beautytemple und im folgenden der Betreiber dieser Internetpr\u00e4senz genannt, nimmt den Schutz Ihrer pers\u00f6nlichen Daten sehr ernst und behandelt Ihre personenbezogenen Daten vertraulich entsprechend der gesetzlichen Datenschutzvorschriften sowie gem\u00e4\u00df dieser Datenschutzerkl\u00e4rung. Die nachfolgende Erkl\u00e4rung gibt Ihnen einen \u00dcberblick dar\u00fcber, wie der Betreiber dieser Internetpr\u00e4senz diesen Schutz gew\u00e4hrleistet und welche Art von Daten zu welchem Zweck erhoben werden.<\/p>\r\n\r\n\r\n\r\n<p><strong>Begriffsbestimmungen<\/strong><br \/>Die Datenschutzerkl\u00e4rung beruht auf den Begrifflichkeiten, die durch den Europ\u00e4ischen Richtlinien- und Verordnungsgeber beim Erlass der Datenschutz-Grundverordnung (DSGVO) verwendet wurden. Diese Datenschutzerkl\u00e4rung soll sowohl f\u00fcr die \u00d6ffentlichkeit als auch f\u00fcr unsere Kunden und Gesch\u00e4ftspartner einfach lesbar und verst\u00e4ndlich sein. Um dies zu gew\u00e4hrleisten, m\u00f6chten wir vorab die verwendeten Begrifflichkeiten erl\u00e4utern.<\/p>\r\n\r\n\r\n\r\n<p>Wir verwenden in dieser Datenschutzerkl\u00e4rung unter anderem die folgenden Begriffe:<\/p>\r\n\r\n\r\n\r\n<p><strong>a) personenbezogene Daten<\/strong><br \/>Personenbezogene Daten sind alle Informationen, die sich auf eine identifizierte oder identifizierbare nat\u00fcrliche Person (im Folgenden \u201ebetroffene Person\u201c) beziehen. Als identifizierbar wird eine nat\u00fcrliche Person angesehen, die direkt oder indirekt, insbesondere mittels Zuordnung zu einer Kennung wie einem Namen, zu einer Kennnummer, zu Standortdaten, zu einer Online-Kennung oder zu einem oder mehreren besonderen Merkmalen, die Ausdruck der physischen, physiologischen, genetischen, psychischen, wirtschaftlichen, kulturellen oder sozialen Identit\u00e4t dieser nat\u00fcrlichen Person sind, identifiziert werden kann.<\/p>\r\n\r\n\r\n\r\n<p><strong>b) betroffene Person<\/strong><br \/>Betroffene Person ist jede identifizierte oder identifizierbare nat\u00fcrliche Person, deren personenbezogene Daten von dem f\u00fcr die Verarbeitung Verantwortlichen verarbeitet werden.<\/p>\r\n\r\n\r\n\r\n<p><strong>c) Verarbeitung<\/strong><br \/>Die \u201eVerarbeitung\u201c ist jeder \u2013 mit oder ohne Hilfe automatisierter Verfahren \u2013 ausgef\u00fchrte Vorgang oder jede solche Vorgangsreihe im Zusammenhang mit personenbezogenen Daten, wie das Erheben, das Erfassen, die Organisation, das Ordnen, die Speicherung, die Anpassung oder Ver\u00e4nderung, das Auslesen, das Abfragen, die Verwendung, die Offenlegung durch \u00dcbermittlung, Verbreitung oder eine andere Form der Bereitstellung, den Abgleich oder die Verkn\u00fcpfung, die Einschr\u00e4nkung, das L\u00f6schen oder die Vernichtung.<\/p>\r\n\r\n\r\n\r\n<p><strong>d) Einschr\u00e4nkung der Verarbeitung<\/strong><br \/>Einschr\u00e4nkung der Verarbeitung ist die Markierung gespeicherter personenbezogener Daten mit dem Ziel, ihre k\u00fcnftige Verarbeitung einzuschr\u00e4nken.<\/p>\r\n\r\n\r\n\r\n<p><strong>e) Profiling<\/strong><br \/>Profiling ist jede Art der automatisierten Verarbeitung personenbezogener Daten, die darin besteht, dass diese personenbezogenen Daten verwendet werden, um bestimmte pers\u00f6nliche Aspekte, die sich auf eine nat\u00fcrliche Person beziehen, zu bewerten, insbesondere, um Aspekte bez\u00fcglich Arbeitsleistung, wirtschaftlicher Lage, Gesundheit, pers\u00f6nlicher Vorlieben, Interessen, Zuverl\u00e4ssigkeit, Verhalten, Aufenthaltsort oder Ortswechsel dieser nat\u00fcrlichen Person zu analysieren oder vorherzusagen.<\/p>\r\n\r\n\r\n\r\n<p><strong>f) Pseudonymisierung\/Anonymisierung<\/strong><br \/>Pseudonymisierung \u2013 oder auch Anonymisierung \u2013 ist die Verarbeitung personenbezogener Daten in einer Weise, auf welche die personenbezogenen Daten ohne Hinzuziehung zus\u00e4tzlicher Informationen nicht mehr einer spezifischen betroffenen Person zugeordnet werden k\u00f6nnen, sofern diese zus\u00e4tzlichen Informationen gesondert aufbewahrt werden und technischen und organisatorischen Ma\u00dfnahmen unterliegen, die gew\u00e4hrleisten, dass die personenbezogenen Daten nicht einer identifizierten oder identifizierbaren nat\u00fcrlichen Person zugewiesen werden.<\/p>\r\n\r\n\r\n\r\n<p><strong>g) Verantwortlicher<\/strong><br \/>Als\u201c Verantwortlicher\u201c wird die nat\u00fcrliche oder juristische Person, Beh\u00f6rde, Einrichtung oder andere Stelle, die allein oder gemeinsam mit anderen \u00fcber die Zwecke und Mittel der Verarbeitung von personenbezogenen Daten entscheidet, bezeichnet. Sind die Zwecke und Mittel dieser Verarbeitung durch das Unionsrecht oder das Recht der Mitgliedstaaten vorgegeben, so kann der Verantwortliche beziehungsweise k\u00f6nnen die bestimmten Kriterien seiner Benennung nach dem Unionsrecht oder dem Recht der Mitgliedstaaten vorgesehen werden.<\/p>\r\n\r\n\r\n\r\n<p><strong>h) Auftragsverarbeiter<\/strong><br \/>Der Auftragsverarbeiter ist eine nat\u00fcrliche oder juristische Person, Beh\u00f6rde, Einrichtung oder andere Stelle, die personenbezogene Daten im Auftrag des Verantwortlichen verarbeitet.<\/p>\r\n\r\n\r\n\r\n<p><strong>i) Empf\u00e4nger<\/strong><br \/>Der \u201eEmpf\u00e4nger\u201c ist eine nat\u00fcrliche oder juristische Person, Beh\u00f6rde, Einrichtung oder andere Stelle, der personenbezogene Daten offengelegt werden, unabh\u00e4ngig davon, ob es sich bei ihr um einen Dritten handelt oder nicht. Beh\u00f6rden, die im Rahmen eines bestimmten Untersuchungsauftrags nach dem Unionsrecht oder dem Recht der Mitgliedstaaten m\u00f6glicherweise personenbezogene Daten erhalten, gelten jedoch nicht als Empf\u00e4nger.<\/p>\r\n\r\n\r\n\r\n<p><strong>j) Dritter<\/strong><br \/>Mit dem Brgriff \u201eDritter\u201c ist eine nat\u00fcrliche oder juristische Person, Beh\u00f6rde, Einrichtung oder andere Stelle au\u00dfer der betroffenen Person, dem Verantwortlichen, dem Auftragsverarbeiter und den Personen, die unter der unmittelbaren Verantwortung des Verantwortlichen oder des Auftragsverarbeiters befugt sind, die personenbezogenen Daten zu verarbeiten, gemeint.<\/p>\r\n\r\n\r\n\r\n<p><strong>k) Einwilligung<\/strong><br \/>Eine Einwilligung ist jede von der betroffenen Person freiwillig f\u00fcr den bestimmten Fall in informierter Weise und unmissverst\u00e4ndlich abgegebene Willensbekundung in Form einer Erkl\u00e4rung oder einer sonstigen eindeutigen best\u00e4tigenden Handlung, mit der die betroffene Person zu verstehen gibt, dass sie mit der Verarbeitung der sie betreffenden personenbezogenen Daten einverstanden ist.<\/p>\r\n\r\n\r\n\r\n<p><strong>Erhebung von Daten<\/strong><br \/>Der Betreiber dieser Internetpr\u00e4senz erhebt und verarbeitet personenbezogene Daten nur soweit diese f\u00fcr die Begr\u00fcndung und inhaltliche Ausgestaltung oder \u00c4nderung des Rechtsverh\u00e4ltnisses erforderlich sind (Bestandsdaten). Personenbezogene Daten \u00fcber die Inanspruchnahme der Internetseiten (Nutzungsdaten) erhebt der Betreiber dieser Internetpr\u00e4senz grunds\u00e4tzlich nicht.<\/p>\r\n\r\n\r\n\r\n<p>Personenbezogene Daten sind alle Informationen \u00fcber die pers\u00f6nlichen und sachlichen Verh\u00e4ltnisse einer bestimmten oder bestimmbaren nat\u00fcrlichen Person. Hierzu geh\u00f6ren z.B. Angaben, wie Ihr Name, Ihre Anschrift sowie Ihre Telefonnummer oder auch die E-Mail-Adresse. Keine personenbezogenen Daten sind solche Informationen, mit deren Hilfe Sie nicht identifizierbar sind. Dazu geh\u00f6ren z.B. die Angabe des Alters, des Geschlechts oder die berufliche Ausbildung.<\/p>\r\n\r\n\r\n\r\n<p><strong>Name und Anschrift des Verantwortlichen<\/strong><br \/>Verantwortlicher im Sinne der europ\u00e4ischen Datenschutz-Grundverordnung (DSGVO), sonstiger in den Mitgliedstaaten der Europ\u00e4ischen Union geltenden Datenschutzgesetze und anderer Bestimmungen mit datenschutzrechtlichem Charakter ist:<\/p>\r\n\r\n\r\n\r\n<p><strong>Beautytemple<\/strong><br \/>Tanja Brill<br \/>Hochburger Str. 5<br \/>79312 Emmendingen<br \/>Telefon: +49 (0)1525 \/ 31 68 504<br \/>E-Mail:\u00a0<a href=\"mailto:beautytemple@googlemail.com\">beautytemple@googlemail.com<\/a><\/p>\r\n\r\n\r\n\r\n<p><strong>Kontaktaufnahme per E-Mail oder Kontaktformular<\/strong><br \/>Wenn Sie dem Betreiber dieser Internetpr\u00e4senz \u00fcber das auf dieser Internetpr\u00e4senz angebotene Kontaktformular Anfragen oder Nachrichten zukommen lassen, werden Ihre Angaben aus dem Anfrageformular inklusive der von Ihnen dort angegebenen Kontaktdaten zwecks Bearbeitung der Anfrage und f\u00fcr den Fall von Anschlussfragen bei ihm gespeichert. Diese Daten werden nicht ohne Ihre Einwilligung weitergegeben. Die Daten werden nach der gesetzlichen Aufbewahrungsfrist von 10 Jahren gel\u00f6scht. Die Frist beginnt mit Schluss desjenigen Kalenderjahres, in dem die Anfrage oder Nachricht eingegangen ist. Auskunft \u00fcber die von Ihnen gespeicherten Daten erhalten Sie unter\u00a0<a href=\"mailto:beautytemple@googlemail.com\">beautytemple@googlemail.com<\/a><\/p>\r\n\r\n\r\n\r\n<p><strong>Datenverarbeitung der Zugriffsdaten dieser Internetpr\u00e4senz<\/strong><br \/>Der Provider des Servers dieser Internetpr\u00e4senz (1blu AG, Stromstra\u00dfe 1-5, 10555 Berlin) erhebt und speichert automatisch auf dem von Peter Brill gemieteten Server sog. \u201eLogfiles\u201c, also Informationen, die Ihr Webbrowser automatisch an uns \u00fcbermittelt. Dies sind:<\/p>\r\n\r\n\r\n\r\n<p>\u2022 Browsertyp\/ -version<br \/>\u2022 verwendetes Betriebssystem<br \/>\u2022 Referrer-URL (die zuvor besuchte Seite)<br \/>\u2022 Hostname des zugreifenden Rechners (anonymisierte IP-Adresse)<br \/>\u2022 \u00fcbertragene Datenmenge<br \/>\u2022 Meldung, ob der Zugriff\/Abruf erfolgreich war<br \/>\u2022 Uhrzeit der Serveranfrage<\/p>\r\n\r\n\r\n\r\n<p>Diese Daten sind f\u00fcr den Seitenbetreiber selbst keinen bestimmten Personen zuzuordnen. Eine Zusammenf\u00fchrung dieser Daten mit anderen Datenquellen wird nicht vorgenommen, die Daten werden zudem nach einer statistischen Auswertung gel\u00f6scht. Der Seitenbetreiber hat mit (1blu AG, Stromstra\u00dfe 1-5, 10555 Berlin) einen Vertrag zur Auftragsdatenverarbeitung abgeschlossen.<\/p>\r\n\r\n\r\n\r\n<p><strong>Recht auf Best\u00e4tigung und Auskunft<\/strong><br \/>Sie haben jederzeit das Recht auf unentgeltliche Auskunft \u00fcber Ihre beim Betreiber dieser Internetpr\u00e4senz gespeicherten personenbezogenen Daten, deren Herkunft und Empf\u00e4nger und den Zweck der Datenverarbeitung sowie ein Recht auf Berichtigung, Sperrung oder L\u00f6schung dieser Daten. Die L\u00f6schung erfolgt jedoch erst nach Ablauf der Fristen der steuer- und handelsrechtlichen Vorschriften von derzeit 10 Jahren. Die Frist beginnt mit Schluss desjenigen Kalenderjahres, in dem die \u00dcbermittlung Ihrer Daten (z.B. per E-Mail) eingegangen ist.<\/p>\r\n\r\n\r\n\r\n<p>Bei Fragen k\u00f6nnen Sie sich unter folgender E-Mail-Adresse oder \u00fcber die im Impressum angegebenen Kontaktdaten an Tanja Brill wenden:<br \/><a href=\"mailto:beautytemple@googlemail.com\">beautytemple@googlemail.com<\/a><\/p>\r\n\r\n\r\n\r\n<p><strong>Es besteht ein Recht auf Auskunft \u00fcber folgende Informationen:<\/strong><br \/>\u2022 die Verarbeitungszwecke;<br \/>\u2022 die Kategorien personenbezogener Daten, die verarbeitet werden;<br \/>\u2022 die Empf\u00e4nger oder Kategorien von Empf\u00e4ngern, gegen\u00fcber denen die personenbezogenen Daten offengelegt worden sind oder noch offengelegt werden, insbesondere bei Empf\u00e4ngern in Drittl\u00e4ndern oder bei internationalen Organisationen;<br \/>\u2022 falls m\u00f6glich die geplante Dauer, f\u00fcr die die personenbezogenen Daten gespeichert werden, oder \u2013 falls dies nicht m\u00f6glich ist \u2013 die Kriterien f\u00fcr die Festlegung dieser Dauer;<br \/>\u2022 das Bestehen eines Rechts auf Berichtigung oder L\u00f6schung der Sie betreffenden personenbezogenen Daten oder auf Einschr\u00e4nkung der Verarbeitung der Daten durch den Verantwortlichen oder eines Widerspruchsrechts gegen diese Verarbeitung;<br \/>\u2022 das Bestehen eines Beschwerderechts bei einer Aufsichtsbeh\u00f6rde; wenn die personenbezogenen Daten nicht bei Ihnen erhoben werden, alle verf\u00fcgbaren Informationen \u00fcber die Herkunft der Daten; das Bestehen einer automatisierten Entscheidungsfindung einschlie\u00dflich Profiling gem\u00e4\u00df Artikel 22 Abs\u00e4tze 1 und 4 DSGVO und \u2013 zumindest in diesen F\u00e4llen \u2013 aussagekr\u00e4ftige Informationen \u00fcber die involvierte Logik sowie die Tragweite und die angestrebten Auswirkungen einer derartigen Verarbeitung f\u00fcr Sie.<\/p>\r\n\r\n\r\n\r\n<p>Werden personenbezogene Daten an ein Drittland (au\u00dferhalb der Europ\u00e4ischen Union) oder an eine internationale Organisation \u00fcbermittelt, so haben Sie das Recht, \u00fcber die geeigneten Garantien gem\u00e4\u00df Artikel 46 DSGVO im Zusammenhang mit der \u00dcbermittlung unterrichtet zu werden.<\/p>\r\n\r\n\r\n\r\n<p><strong>Recht auf Berichtigung<\/strong><br \/>Sie haben das Recht, von Tanja Brill unverz\u00fcglich die Berichtigung unrichtiger personenbezogener Daten zu verlangen. Unter Ber\u00fccksichtigung der Zwecke haben Sie das Recht, die Vervollst\u00e4ndigung unvollst\u00e4ndiger personenbezogener Daten (auch mittels einer erg\u00e4nzenden Erkl\u00e4rung) zu verlangen.<\/p>\r\n\r\n\r\n\r\n<p><strong>Recht auf L\u00f6schung (\u201eRecht auf Vergessenwerden\u201c)<\/strong><br \/>Sie haben das Recht, von Peter Brill zu verlangen, dass Ihre Person betreffende personenbezogene Daten unverz\u00fcglich gel\u00f6scht werden, sofern diese nicht anderer gesetzlichen Aufbewahrungsfristen unterliegen. Tanja Brill ist verpflichtet, personenbezogene Daten unverz\u00fcglich zu l\u00f6schen, sofern einer der folgenden Gr\u00fcnde zutrifft:<br \/>\u2022 Die personenbezogenen Daten sind f\u00fcr die Zwecke, f\u00fcr die sie erhoben oder auf sonstige Weise verarbeitet wurden, nicht mehr notwendig.<br \/>\u2022 Sie widerrufen Ihre Einwilligung, auf die sich die Verarbeitung gem\u00e4\u00df Artikel 6 Absatz 1 DSGVO Buchstabe a oder Artikel 9 Absatz 2 Buchstabe a DSGVO st\u00fctzte, und es fehlt an einer anderweitigen Rechtsgrundlage f\u00fcr die Verarbeitung.<br \/>\u2022 Sie legen gem\u00e4\u00df Artikel 21 Absatz 1 DSGVO Widerspruch gegen die Verarbeitung ein und es liegen keine vorrangigen berechtigten Gr\u00fcnde f\u00fcr die Verarbeitung vor, oder Sie legen gem\u00e4\u00df Artikel 21 Absatz 2 DSGVO Widerspruch gegen die Verarbeitung ein.<br \/>\u2022 Die personenbezogenen Daten wurden unrechtm\u00e4\u00dfig verarbeitet.<br \/>\u2022 Die L\u00f6schung der personenbezogenen Daten ist zur Erf\u00fcllung einer rechtlichen Verpflichtung nach dem Unionsrecht oder dem Recht der Mitglied Staaten erforderlich, dem wir unterliegen.<br \/>\u2022 Die personenbezogenen Daten wurden in Bezug auf angebotene Dienste der Informationsgesellschaft gem\u00e4\u00df Artikel 8 Absatz 1 DSGVO erhoben.<\/p>\r\n\r\n\r\n\r\n<p>Hat Tanja Brill die personenbezogenen Daten \u00f6ffentlich gemacht und ist Tanja Brill zu deren L\u00f6schung verpflichtet, so trifft Tanja Brill unter Ber\u00fccksichtigung der verf\u00fcgbaren Technologie und der Implementierungskosten angemessene Ma\u00dfnahmen, auch technischer Art, um f\u00fcr die Datenverarbeitung Verantwortliche, die die personenbezogenen Daten verarbeiten, dar\u00fcber zu informieren, dass Sie von ihnen die L\u00f6schung aller Links zu diesen personenbezogenen Daten oder von Kopien oder Replikationen dieser personenbezogenen Daten verlangt haben.<\/p>\r\n\r\n\r\n\r\n<p><strong>Recht auf Einschr\u00e4nkung der Datenverarbeitung<\/strong><br \/>Sie haben das Recht, die Einschr\u00e4nkung der Datenverarbeitung zu verlangen, wenn eine der folgenden Voraussetzungen gegeben ist:<\/p>\r\n\r\n\r\n\r\n<p>\u2022 Wenn die Richtigkeit der personenbezogenen Daten von Ihnen bestritten wird \u2013 und zwar f\u00fcr eine Dauer, die es Tanja Brill erm\u00f6glicht, die Richtigkeit der personenbezogenen Daten zu \u00fcberpr\u00fcfen,<br \/>\u2022 Wenn die Verarbeitung der personenbezogenen Daten unrechtm\u00e4\u00dfig ist und Sie die L\u00f6schung dieser Daten ablehnten und stattdessen die Einschr\u00e4nkung der Nutzung der personenbezogenen Daten verlangen;<br \/>\u2022 Wenn die personenbezogenen Daten f\u00fcr die Zwecke der Verarbeitung nicht l\u00e4nger ben\u00f6tigt werden, Sie die Daten jedoch zur Geltendmachung, Aus\u00fcbung oder Verteidigung von Rechtsanspr\u00fcchen ben\u00f6tigten, oder Sie Widerspruch gegen die Verarbeitung gem\u00e4\u00df Artikel 21 Absatz 1 DSGVO eingelegt haben, solange noch nicht feststeht, ob die berechtigten Gr\u00fcnde gegen\u00fcber Tanja Brill gegen\u00fcber den Ihren \u00fcberwiegen.<\/p>\r\n\r\n\r\n\r\n<p><strong>Recht auf Daten\u00fcbertragbarkeit<\/strong><br \/>Sie haben das Recht, die Ihre Person betreffenden personenbezogenen Daten, die Sie uns bereitgestellt haben, in einem strukturierten, g\u00e4ngigen und maschinenlesbaren Format zu erhalten, und Sie haben das Recht, diese Daten einem anderen Verantwortlichen ohne Behinderung durch uns zu \u00fcbermitteln, sofern<\/p>\r\n\r\n\r\n\r\n<p>\u2022 die Verarbeitung auf einer Einwilligung gem\u00e4\u00df Artikel 6 Absatz 1 Buchstabe a DSGVO oder Artikel 9 Absatz 2 Buchstabe a DSGVO oder auf einem Vertrag gem\u00e4\u00df Artikel 6 Absatz 1 Buchstabe b DSGVO beruht und<br \/>\u2022 die Verarbeitung mit Hilfe automatisierter Verfahren erfolgt.<br \/>\u2022 Bei der Aus\u00fcbung Ihres Rechts auf Daten\u00fcbertragbarkeit gem\u00e4\u00df Absatz 1 haben Sie das Recht, zu erwirken, dass die personenbezogenen Daten direkt von uns einem anderen Verantwortlichen \u00fcbermittelt werden, soweit dies technisch machbar und zumutbar ist.<\/p>\r\n\r\n\r\n\r\n<p><strong>SSL- bzw. TLS-Verschl\u00fcsselung<\/strong><br \/>Diese Seite nutzt aus Sicherheitsgr\u00fcnden und zum Schutz der \u00dcbertragung vertraulicher Inhalte \u00fcber das Kontaktformular auf dieser Website, wie zum Beispiel bei Anfragen zu unseren Leistungen, eine SSL- (Secure Socket Layer), bzw. TLS-Verschl\u00fcsselung. Eine verschl\u00fcsselte Verbindung erkennen Sie daran, dass die Adresszeile des Browsers von \u201chttp:\/\/\u201d auf \u201chttps:\/\/\u201d wechselt und daneben ein gr\u00fcnes Schloss-Symbol zu sehen ist. Wenn die SSL- bzw. TLS-Verschl\u00fcsselung aktiviert ist, k\u00f6nnen die Daten, die Sie an uns \u00fcber das Kontaktformular \u00fcbermitteln, nicht von Dritten \u2013 also Fremden \u2013 mitgelesen werden. Die Daten\u00fcbermittlung per E-Mail (z.B. per Klick auf einen E-Mail-Link und Mailversand mit Ihrem eigenen E-Mail-Programm) ist davon ausgenommen.<\/p>\r\n\r\n\r\n\r\n<p><strong>Google Search Console<\/strong><br \/>Diese Internetpr\u00e4senz best\u00e4tigt die Domaininhaberschaft gegen\u00fcber dem Suchmaschinenbetreiber Google (Google Inc., 1600 Amphitheatre Parkway, Mountain View, CA 94043, USA) \u00fcber den sog. Site-Verification-Code. Im Quellcode der Startseite ist ein Metatag mit einem individuellen Schl\u00fcssel zur Erkennung von Google eingesetzt. Weitere Informationen finden Sie hier:\u00a0<a href=\"https:\/\/support.google.com\/webmasters\/answer\/6332964?hl=de&amp;ref_topic=4564315\" target=\"_blank\" rel=\"noreferrer noopener\">https:\/\/support.google.com\/webmasters\/answer\/6332964?hl=de&amp;ref_topic=4564315<\/a><\/p>\r\n\r\n\r\n\r\n<p><strong>Links zu anderen Webseiten<\/strong><br \/>Diese Internetpr\u00e4senz enth\u00e4lt Links zu externen Webseiten Dritter (also anderer Anbieter), auf deren Inhalte der Betreiber dieser Internetpr\u00e4senz keinen Einfluss hat. Deshalb kann der Betreiber dieser Internetpr\u00e4senz auch keine Gew\u00e4hr f\u00fcr die Richtigkeit und Aktualit\u00e4t \u00fcbernehmen. F\u00fcr die Inhalte der verlinkten Seiten ist stets der jeweilige Anbieter oder Betreiber der Seiten verantwortlich. Die verlinkten Seiten wurden zum Zeitpunkt der Verlinkung auf m\u00f6gliche Rechtsverst\u00f6\u00dfe \u00fcberpr\u00fcft. Da eine permanente (inhaltliche) Kontrolle der verlinkten Seiten ohne konkrete Anhaltspunkte einer Rechtsverletzung nicht zumutbar w\u00e4re, nehmen wir die Verlinkungen erst bei bekannt werden aus unserem Angebot heraus.<\/p>\r\n\r\n\r\n\r\n<p><strong>Beschwerderecht bei der zust\u00e4ndigen Aufsichtsbeh\u00f6rde<\/strong><br \/>Im Falle datenschutzrechtlicher Verst\u00f6\u00dfe steht dem Betroffenen ein Beschwerderecht bei der zust\u00e4ndigen Aufsichtsbeh\u00f6rde zu. Die zust\u00e4ndige Aufsichtsbeh\u00f6rde ist der Landesdatenschutzbeauftragte des Bundeslandes, in dem unser Unternehmen seinen Sitz hat. Hier finden Sie die f\u00fcr unser Bundesland zust\u00e4ndige Beh\u00f6rde:\u00a0<a href=\"https:\/\/www.bfdi.bund.de\/DE\/Infothek\/Anschriften_Links\/anschriften_links-node.html\" target=\"_blank\" rel=\"noreferrer noopener\">https:\/\/www.bfdi.bund.de\/DE\/Infothek\/Anschriften_Links\/anschriften_links-node.html<\/a><\/p>","protected":false},"excerpt":{"rendered":"<p>GrundsatzTanja Brill, Inhaber von Beautytemple und im folgenden der Betreiber dieser Internetpr\u00e4senz genannt, nimmt den Schutz Ihrer pers\u00f6nlichen Daten sehr ernst und behandelt Ihre personenbezogenen Daten vertraulich entsprechend der gesetzlichen Datenschutzvorschriften sowie gem\u00e4\u00df dieser Datenschutzerkl\u00e4rung. Die nachfolgende Erkl\u00e4rung gibt Ihnen einen \u00dcberblick dar\u00fcber, wie der Betreiber dieser Internetpr\u00e4senz diesen Schutz gew\u00e4hrleistet und welche Art von [&hellip;]<\/p>","protected":false},"author":1,"featured_media":0,"parent":0,"menu_order":0,"comment_status":"closed","ping_status":"closed","template":"","meta":{"_et_pb_use_builder":"","_et_pb_old_content":"","_et_gb_content_width":"","footnotes":""},"class_list":["post-11","page","type-page","status-publish","hentry"],"_links":{"self":[{"href":"https:\/\/www.beautytemple.de\/shop\/en\/wp-json\/wp\/v2\/pages\/11","targetHints":{"allow":["GET"]}}],"collection":[{"href":"https:\/\/www.beautytemple.de\/shop\/en\/wp-json\/wp\/v2\/pages"}],"about":[{"href":"https:\/\/www.beautytemple.de\/shop\/en\/wp-json\/wp\/v2\/types\/page"}],"author":[{"embeddable":true,"href":"https:\/\/www.beautytemple.de\/shop\/en\/wp-json\/wp\/v2\/users\/1"}],"replies":[{"embeddable":true,"href":"https:\/\/www.beautytemple.de\/shop\/en\/wp-json\/wp\/v2\/comments?post=11"}],"version-history":[{"count":0,"href":"https:\/\/www.beautytemple.de\/shop\/en\/wp-json\/wp\/v2\/pages\/11\/revisions"}],"wp:attachment":[{"href":"https:\/\/www.beautytemple.de\/shop\/en\/wp-json\/wp\/v2\/media?parent=11"}],"curies":[{"name":"wp","href":"https:\/\/api.w.org\/{rel}","templated":true}]}}